{"id":15374,"date":"2023-04-26T17:06:11","date_gmt":"2023-04-26T15:06:11","guid":{"rendered":"https:\/\/www.ma-contribution.fr\/?page_id=15374"},"modified":"2023-04-26T21:05:40","modified_gmt":"2023-04-26T19:05:40","slug":"mentions-legales","status":"publish","type":"page","link":"https:\/\/www.ma-contribution.fr\/?page_id=15374","title":{"rendered":"Mentions l\u00e9gales"},"content":{"rendered":"<p>[vc_row][vc_column][vc_column_text]<\/p>\n<p style=\"text-align: justify; color: black;\">Bienvenue sur le site web \u00ab ma-contribution.fr \u00bb (ci-apr\u00e8s \u00ab le Site \u00bb).<br \/>\nEn tant que personne physique ou morale visitant et\/ou utilisant le Site (ci-apr\u00e8s \u00ab Utilisateur \u00bb), vous reconnaissez avoir pris connaissance de la pr\u00e9sente notice l\u00e9gale et vous vous engagez \u00e0 la respecter. Cette notice l\u00e9gale a notamment pour objet de vous informer de vos droits et responsabilit\u00e9s l\u00e9gales applicables d\u00e8s lors que vous en \u00eates Utilisateur. Si vous n\u2019acceptez pas cette notice, veuillez \u00e0 ne pas utiliser le Site.<br \/>\nLe contenu de la pr\u00e9sente notice pouvant \u00eatre amen\u00e9 \u00e0 changer, nous vous invitons \u00e0 la consulter tr\u00e8s r\u00e9guli\u00e8rement.<\/p>\n<p>[\/vc_column_text][\/vc_column][\/vc_row][vc_row css=\u00a0\u00bb.vc_custom_1682519933526{margin-top: 30px !important;}\u00a0\u00bb][vc_column][vc_column_text]<\/p>\n<h3>I. Informations l\u00e9gales<\/h3>\n<p style=\"text-align: justify; color: black; margin-top: 20px;\">Le pr\u00e9sent site est la propri\u00e9t\u00e9 du <strong>Mr. CLERGEAU Patrice<\/strong>, soci\u00e9t\u00e9 sous le num\u00e9ro <span title=\"siren 51170225000016\">51170225000016<\/span> dont le si\u00e8ge est situ\u00e9 214 CHE DE SAUBIS 40220 TARNOS \u2013 France.<br \/>\nN\u00b0 de TVA intracommunautaire : FR88511702250<br \/>\nForme juridique : Entreprise individuelle.<\/p>\n<p style=\"text-align: justify; color: black;\">Le responsable de la publication du site : Mr. CLERGEAU Patrice.<br \/>\nVous souhaitez contacter notre service clients ? Par mail sur contact@ma-contribution.fr.<\/p>\n<p style=\"text-align: justify; color: black; margin-top: 20px;\"><strong>Le site est h\u00e9berg\u00e9 par : SYSNOVE<\/strong><br \/>\n8 BD SAINT VINCENT DE PAUL 40990 SAINT-PAUL-LES-DAX joignable par le moyen suivant :https:\/\/www.sysnove.fr.<\/p>\n<p style=\"text-align: justify; color: black;\"><strong>Le projet web<\/strong> est r\u00e9alis\u00e9 par l&rsquo;agence <a href=\"https:\/\/www.agence-webcomm.fr\" target=\"_blank\" rel=\"noopener\">WebComm<\/a> et <a href=\"https:\/\/www.bi-communication.com\/\" target=\"_blank\" rel=\"noopener\">Bi communication<\/a><\/p>\n<p>[\/vc_column_text][\/vc_column][\/vc_row][vc_row css=\u00a0\u00bb.vc_custom_1682522374283{margin-top: 30px !important;}\u00a0\u00bb][vc_column][vc_column_text]<\/p>\n<h3>II. Limitation de responsabilit\u00e9 et exclusion de garantie<\/h3>\n<p style=\"text-align: justify; color: black; margin-top: 20px;\">En tant qu\u2019Utilisateur, vous reconnaissez disposer de la comp\u00e9tence et des moyens n\u00e9cessaires pour acc\u00e9der et utiliser ce Site. Vous reconnaissez avoir \u00e9t\u00e9 inform\u00e9 que le Site est accessible 24h\/24h et 7 jours\/7 jours, \u00e0 l\u2019exception des cas de force majeure, difficult\u00e9s informatiques, difficult\u00e9s li\u00e9es \u00e0 la structure des r\u00e9seaux de t\u00e9l\u00e9communications ou autres difficult\u00e9s techniques. Pour des raisons de maintenance, <strong>Ma-contribution.fr<\/strong> pourra interrompre le Site, en s\u2019effor\u00e7ant d\u2019en avertir pr\u00e9alablement les Utilisateurs. <strong>Ma-contribution.fr<\/strong> n\u2019est pas responsable des retards, des difficult\u00e9s d\u2019utilisation, ou de l\u2019incompatibilit\u00e9 entre le pr\u00e9sent Site et des fichiers, votre navigateur ou tout autre programme d\u2019acc\u00e8s au Site.<\/p>\n<p style=\"text-align: justify; color: black;\"><strong>Ma-contribution.fr<\/strong> met tout en \u0153uvre pour s\u2019assurer que les informations disponibles sur le Site sont exactes et \u00e0 jour. Toutefois, l\u2019exhaustivit\u00e9, l\u2019ad\u00e9quation, la s\u00e9quence, l\u2019exactitude, l\u2019actualit\u00e9, le caract\u00e8re loyal et commercial, la qualit\u00e9, le bien-fond\u00e9, et la disponibilit\u00e9 des informations diffus\u00e9es sur le Site ne sauraient \u00eatre garantis par <strong>Ma-contribution.fr<\/strong>. Par ailleurs, <strong>Ma-contribution.fr<\/strong> ne peut assurer ni garantir que ces informations ne seront pas modifi\u00e9es par un tiers (piratage, virus).<\/p>\n<p style=\"text-align: justify; color: black;\"><strong>Ma-contribution.fr<\/strong> d\u00e9cline \u00e9galement toute responsabilit\u00e9 (directe ou indirecte) en cas de retard, d\u2019erreur ou d\u2019omission en ce qui concerne le contenu et l\u2019utilisation de ces pages, de m\u00eame qu\u2019en cas d\u2019interruption ou d\u2019indisponibilit\u00e9 du service. <strong>Ma-contribution.fr<\/strong> attire \u00e9galement l\u2019attention de l\u2019Utilisateur sur le fait que toute information dat\u00e9e qui est publi\u00e9e sur le Site ne vaut que pour la date pr\u00e9cis\u00e9e. Par cons\u00e9quent, en tant qu\u2019Utilisateur vous assumez pleinement les risques li\u00e9s au cr\u00e9dit que vous accordez aux informations diffus\u00e9es sur le Site. En outre, si vous constatez des informations erron\u00e9es ou des omissions, dues notamment \u00e0 des erreurs typographiques ou de mise en page, vous \u00eates invit\u00e9 \u00e0 nous les indiquer pour qu\u2019il soit proc\u00e9d\u00e9 aux corrections appropri\u00e9es. Les \u00e9l\u00e9ments du Site sont fournis \u00ab en l\u2019\u00e9tat \u00bb sans garantie d\u2019aucune sorte, implicite ou explicite. <strong>Ma-contribution.fr<\/strong> se r\u00e9serve le droit de modifier, \u00e0 sa seule discr\u00e9tion, \u00e0 tout moment et sans pr\u00e9avis, le contenu du Site. En outre, <strong>Ma-contribution.fr<\/strong> peut d\u00e9cider, dans le cadre de sa politique de mise \u00e0 jour et d\u2019optimisation du Site, de modifier la pr\u00e9sente notice l\u00e9gale.<\/p>\n<p style=\"text-align: justify; color: black;\"><strong>Ma-contribution.fr<\/strong> ne pourra en aucun cas \u00eatre tenu responsable de tout dommage direct ou indirect r\u00e9sultant ou cons\u00e9cutif \u00e0 la diffusion par une personne tierce d\u2019un virus par l\u2019interm\u00e9diaire de notre Site et susceptible d\u2019infecter votre syst\u00e8me informatique \u00e0 la suite de votre connexion \u00e0 ce Site, \u00e0 l\u2019utilisation de ce Site ou \u00e0 la navigation sur ce Site. De m\u00eame, <strong>Ma-contribution.fr<\/strong> ne pourra \u00eatre tenu responsable de dommage mat\u00e9riel ou accessoire (y compris, sans s\u2019y limiter, une d\u00e9faillance technique, une divulgation de documents confidentiels, une perte de donn\u00e9es), ni de tout autre dommage indirect quelconque, survenant lors de ou li\u00e9 \u00e0 l\u2019utilisation du Site. Il est \u00e9galement rappel\u00e9 que le secret des correspondances n\u2019est pas garanti sur le r\u00e9seau et qu\u2019il appartient \u00e0 chaque Utilisateur de prendre toutes les mesures appropri\u00e9es de fa\u00e7on \u00e0 prot\u00e9ger ses propres donn\u00e9es et\/ou logiciels de la contamination d\u2019\u00e9ventuels virus circulant sur Internet.<\/p>\n<p>[\/vc_column_text][\/vc_column][\/vc_row][vc_row css=\u00a0\u00bb.vc_custom_1682522374283{margin-top: 30px !important;}\u00a0\u00bb][vc_column][vc_column_text]<\/p>\n<h3>III. Avertissement sur les informations \u00e0 caract\u00e8re pr\u00e9visionnel<\/h3>\n<p style=\"text-align: justify; color: black; margin-top: 20px;\">Le Site peut contenir certaines donn\u00e9es non historiques constituant des d\u00e9clarations \u00e0 caract\u00e8re pr\u00e9visionnel, et notamment des d\u00e9clarations prospectives concernant des \u00e9v\u00e9nements, tendances, plans ou objectifs futurs. Ces d\u00e9clarations sont fond\u00e9es sur les vues et hypoth\u00e8ses actuelles du management et sont sujettes \u00e0 des risques et al\u00e9as importants susceptibles d\u2019entra\u00eener une diff\u00e9rence significative entre les r\u00e9sultats r\u00e9els et ceux contenus explicitement ou implicitement dans ces d\u00e9clarations (ou les r\u00e9sultats ant\u00e9rieurs). Des informations suppl\u00e9mentaires concernant ces risques et al\u00e9as figurent dans les documents d\u00e9pos\u00e9s par <strong>Ma-contribution.fr<\/strong> aupr\u00e8s des autorit\u00e9s comp\u00e9tentes. Les d\u00e9clarations pr\u00e9visionnelles sont pr\u00e9sent\u00e9es \u00e0 une certaine date et <strong>Ma-contribution.fr<\/strong> ne s\u2019engage pas \u00e0 les mettre \u00e0 jour ou \u00e0 les r\u00e9viser, que ce soit du fait de nouvelles informations, d\u2019\u00e9v\u00e9nements futurs ou pour toute autre raison.<\/p>\n<p>[\/vc_column_text][\/vc_column][\/vc_row][vc_row css=\u00a0\u00bb.vc_custom_1682522374283{margin-top: 30px !important;}\u00a0\u00bb][vc_column][vc_column_text]<\/p>\n<h3>IV. Propri\u00e9t\u00e9 intellectuelle<\/h3>\n<p style=\"text-align: justify; color: black; margin-top: 20px;\">Le Site est r\u00e9gi dans son int\u00e9gralit\u00e9 par la l\u00e9gislation fran\u00e7aise relative au droit d\u2019auteur, au droit des marques et, d\u2019une mani\u00e8re g\u00e9n\u00e9rale, au droit de la propri\u00e9t\u00e9 intellectuelle.<br \/>\nLes marques et les logos (marques semi-figuratives) du Site sont des marques d\u00e9pos\u00e9es. Toute reproduction ou repr\u00e9sentation totale ou partielle de ces marques et logos, seule ou int\u00e9gr\u00e9e \u00e0 d\u2019autres \u00e9l\u00e9ments, sans l\u2019autorisation \u00e9crite, expresse et pr\u00e9alable de <strong>Ma-contribution.fr<\/strong>, est donc strictement interdite et passible de sanctions par application des articles L. 716-1 et suivants du Code de la propri\u00e9t\u00e9 intellectuelle.<\/p>\n<p style=\"text-align: justify; color: black;\">La structure g\u00e9n\u00e9rale, les logiciels, textes, images, vid\u00e9os, sons, savoir-faire, animations, et plus g\u00e9n\u00e9ralement toutes les informations et contenus figurant dans le Site, sont la propri\u00e9t\u00e9 de <strong>Ma-contribution.fr<\/strong> ou font l\u2019objet d\u2019un droit d\u2019utilisation ou d\u2019exploitation. Ces \u00e9l\u00e9ments sont soumis \u00e0 la l\u00e9gislation prot\u00e9geant le droit d\u2019auteur.<br \/>\nToute repr\u00e9sentation, modification, reproduction, d\u00e9naturation, totale ou partielle, du Site ou de son contenu, par quelque proc\u00e9d\u00e9 que ce soit et sur quelque support que ce soit, est interdite et constituerait une contrefa\u00e7on sanctionn\u00e9e par les articles L. 335-2 et suivants du Code de la propri\u00e9t\u00e9 intellectuelle.<br \/>\nLa pr\u00e9sente notice l\u00e9gale ne vous accorde aucune licence d\u2019utilisation des marques, logos ou photographies du Site.<br \/>\nLes bases de donn\u00e9es figurant, le cas \u00e9ch\u00e9ant, sur le Site sont prot\u00e9g\u00e9es par les dispositions relatives \u00e0 la protection juridique des bases de donn\u00e9es. A ce titre, toute r\u00e9utilisation, reproduction ou extraction d\u2019\u00e9l\u00e9ments de ces bases de donn\u00e9es est interdite sans autorisation \u00e9crite, expresse et pr\u00e9alable de <strong>Ma-contribution.fr<\/strong>. Toute r\u00e9utilisation, reproduction ou extraction non autoris\u00e9e engage la responsabilit\u00e9 de l\u2019Utilisateur.<br \/>\nLe Site se r\u00e9serve la facult\u00e9 de supprimer, sans d\u00e9lais et sans mise en demeure pr\u00e9alable, tout contenu (message, texte, image, graphique) qui contreviendrait aux lois et r\u00e8glements en vigueur et notamment les r\u00e9glementations pr\u00e9cis\u00e9es ci-dessus.<\/p>\n<p style=\"text-align: justify; color: black;\">Dans l\u2019hypoth\u00e8se o\u00f9 vous souhaiteriez utiliser un des contenus du Site (texte, image\u2026), vous devez obtenir l\u2019autorisation \u00e9crite, expresse et pr\u00e9alable de <strong>Ma-contribution.fr<\/strong>, en utilisant le formulaire de contact ou en \u00e9crivant \u00e0 l\u2019adresse suivante : <strong>Ma-contribution.fr<\/strong>, 214 CHE DE SAUBIS 40220 TARNOS &#8211; FRANCE.<\/p>\n<p>[\/vc_column_text][\/vc_column][\/vc_row][vc_row css=\u00a0\u00bb.vc_custom_1682522374283{margin-top: 30px !important;}\u00a0\u00bb][vc_column][vc_column_text]<\/p>\n<h3>V. Respect de la vie priv\u00e9e<\/h3>\n<p style=\"text-align: justify; color: black; margin-top: 20px;\">En tant qu\u2019Utilisateur vous \u00eates tenu de respecter les l\u00e9gislations applicables, et notamment les dispositions de la loi relative \u00e0 l\u2019informatique, aux fichiers et aux libert\u00e9s, dont la violation est passible de sanctions p\u00e9nales.<br \/>\nVous devez notamment vous abstenir de toute collecte, de toute utilisation d\u00e9tourn\u00e9e, notamment des informations nominatives auxquelles vous acc\u00e9dez, et d\u2019une mani\u00e8re g\u00e9n\u00e9rale, de tout acte susceptible de porter atteinte \u00e0 la vie priv\u00e9e, \u00e0 l\u2019honneur, \u00e0 la sensibilit\u00e9, \u00e0 l\u2019image de marque, \u00e0 la notori\u00e9t\u00e9 de toute personne, physique ou morale, et notamment de <strong>Ma-contribution.fr<\/strong>, en \u00e9vitant toute mention, message ou texte diffamant, provocant, malveillant, d\u00e9nigrant ou mena\u00e7ant sur quelque support que ce soit.<\/p>\n<p style=\"text-align: justify; color: black;\">Pour des informations relatives \u00e0 la collecte, le traitement et l\u2019utilisation de vos donn\u00e9es personnelles, nous vous invitons \u00e0 vous r\u00e9f\u00e9rer \u00e0 notre <a href=\"https:\/\/www.ma-contribution.fr\/?page_id=3\" target=\"_blank\" rel=\"noopener\">politique de confidentialit\u00e9<\/a>.<\/p>\n<p>[\/vc_column_text][\/vc_column][\/vc_row][vc_row css=\u00a0\u00bb.vc_custom_1682522374283{margin-top: 30px !important;}\u00a0\u00bb][vc_column][vc_column_text]<\/p>\n<h3>VI. Liens hypertextes<\/h3>\n<p style=\"text-align: justify; color: black; margin-top: 20px;\">Les liens hypertextes mis en place dans le cadre du Site en direction d\u2019autres ressources pr\u00e9sentes sur le r\u00e9seau internet ne sauraient engager la responsabilit\u00e9 de <strong>Ma-contribution.fr<\/strong>, notamment s\u2019agissant de leur contenu.<br \/>\n<strong>Ma-contribution.fr<\/strong> n\u2019est pas responsable des liens hypertextes qui m\u00e8nent au pr\u00e9sent Site tandis qu\u2019un Utilisateur ne peut mettre en place un lien hypertexte sans l\u2019autorisation \u00e9crite, expresse et pr\u00e9alable de <strong>Ma-contribution.fr<\/strong>.<br \/>\nEn tant qu\u2019Utilisateur, vous devez pr\u00eater attention au fait que les autres sites Internet auxquels le Site donne acc\u00e8s sont susceptibles de disposer de leurs propres notices l\u00e9gales qu\u2019il convient de consulter et de respecter.<\/p>\n<p>[\/vc_column_text][\/vc_column][\/vc_row][vc_row css=\u00a0\u00bb.vc_custom_1682522374283{margin-top: 30px !important;}\u00a0\u00bb][vc_column][vc_column_text]<\/p>\n<h3>VII. Cr\u00e9dits photographiques<\/h3>\n<p style=\"text-align: justify; color: black; margin-top: 20px;\">Les cr\u00e9dits photos utilis\u00e9s sur le site internet sont la propri\u00e9t\u00e9s de <strong>Ma-contribution.fr<\/strong>, suite \u00e0 l&rsquo;intervention et la s\u00e9lection de l&rsquo;agence de communication <a href=\"https:\/\/www.be-communication.com\/medias\/\" target=\"_blank\" rel=\"noopener\"><strong>Becomm<\/strong><\/a>.<\/p>\n<p>[\/vc_column_text][\/vc_column][\/vc_row][vc_row css=\u00a0\u00bb.vc_custom_1682522374283{margin-top: 30px !important;}\u00a0\u00bb][vc_column][vc_column_text]<\/p>\n<h3>VIII. Clauses d\u2019ordre g\u00e9n\u00e9ral<\/h3>\n<p style=\"text-align: justify; color: black; margin-top: 20px;\">Toute cession ou autre transfert des droits conf\u00e9r\u00e9s par la pr\u00e9sente notice l\u00e9gale est strictement interdit.<br \/>\nSi, pour quelque raison que ce soit, une juridiction comp\u00e9tente venait \u00e0 consid\u00e9rer qu\u2019une disposition de la pr\u00e9sente notice l\u00e9gale est invalide, l\u2019invalidit\u00e9 de cette disposition n\u2019affectera en aucune fa\u00e7on la validit\u00e9 du reste de la notice l\u00e9gale, qui demeurera en vigueur.<br \/>\nL\u2019absence d\u2019exercice par l\u2019une des parties d\u2019un droit ou d\u2019une action en justice aux termes de la pr\u00e9sente notice l\u00e9gale ne pourra \u00eatre consid\u00e9r\u00e9e comme une renonciation \u00e0 un tel droit ou \u00e0 une telle action.<br \/>\nLe Site est r\u00e9gi par le droit fran\u00e7ais. La pr\u00e9sente notice l\u00e9gale sera r\u00e9gie par, et interpr\u00e9t\u00e9e, conform\u00e9ment \u00e0 la loi fran\u00e7aise.<\/p>\n<p>[\/vc_column_text][\/vc_column][\/vc_row]<\/p>\n","protected":false},"excerpt":{"rendered":"<p>[vc_row][vc_column][vc_column_text] Bienvenue sur le site web \u00ab ma-contribution.fr \u00bb (ci-apr\u00e8s \u00ab le Site \u00bb). En tant que personne physique ou morale visitant et\/ou utilisant le Site (ci-apr\u00e8s \u00ab Utilisateur \u00bb), vous reconnaissez avoir pris connaissance de la pr\u00e9sente notice l\u00e9gale et vous vous engagez \u00e0&#8230;<\/p>\n","protected":false},"author":1,"featured_media":0,"parent":0,"menu_order":0,"comment_status":"closed","ping_status":"closed","template":"","meta":{"footnotes":""},"class_list":["post-15374","page","type-page","status-publish","hentry"],"yoast_head":"<!-- This site is optimized with the Yoast SEO plugin v21.4 - https:\/\/yoast.com\/wordpress\/plugins\/seo\/ -->\n<title>Mentions l\u00e9gales | Macontribution.fr<\/title>\n<meta name=\"description\" content=\"Cette notice l\u00e9gale a notamment pour objet de vous informer de vos droits et responsabilit\u00e9s l\u00e9gales applicables d\u00e8s lors que vous en \u00eates Utilisateur. Si vous n\u2019acceptez pas cette notice, veuillez \u00e0 ne pas utiliser le Site.\" \/>\n<meta name=\"robots\" content=\"index, follow, max-snippet:-1, max-image-preview:large, max-video-preview:-1\" \/>\n<link rel=\"canonical\" href=\"https:\/\/www.ma-contribution.fr\/?page_id=15374\" \/>\n<meta property=\"og:locale\" content=\"fr_FR\" \/>\n<meta property=\"og:type\" content=\"article\" \/>\n<meta property=\"og:title\" content=\"Mentions l\u00e9gales | Macontribution.fr\" \/>\n<meta property=\"og:description\" content=\"Cette notice l\u00e9gale a notamment pour objet de vous informer de vos droits et responsabilit\u00e9s l\u00e9gales applicables d\u00e8s lors que vous en \u00eates Utilisateur. Si vous n\u2019acceptez pas cette notice, veuillez \u00e0 ne pas utiliser le Site.\" \/>\n<meta property=\"og:url\" content=\"https:\/\/www.ma-contribution.fr\/?page_id=15374\" \/>\n<meta property=\"og:site_name\" content=\"Macontribution.fr\" \/>\n<meta property=\"article:modified_time\" content=\"2023-04-26T19:05:40+00:00\" \/>\n<meta property=\"og:image\" content=\"https:\/\/www.ma-contribution.fr\/wp-content\/uploads\/2023\/04\/3-1.jpg\" \/>\n\t<meta property=\"og:image:width\" content=\"800\" \/>\n\t<meta property=\"og:image:height\" content=\"529\" \/>\n\t<meta property=\"og:image:type\" content=\"image\/jpeg\" \/>\n<meta name=\"twitter:card\" content=\"summary_large_image\" \/>\n<meta name=\"twitter:title\" content=\"Mentions l\u00e9gales | Macontribution.fr\" \/>\n<meta name=\"twitter:description\" content=\"Cette notice l\u00e9gale a notamment pour objet de vous informer de vos droits et responsabilit\u00e9s l\u00e9gales applicables d\u00e8s lors que vous en \u00eates Utilisateur. Si vous n\u2019acceptez pas cette notice, veuillez \u00e0 ne pas utiliser le Site.\" \/>\n<meta name=\"twitter:image\" content=\"https:\/\/www.ma-contribution.fr\/wp-content\/uploads\/2023\/04\/3-1.jpg\" \/>\n<meta name=\"twitter:label1\" content=\"Dur\u00e9e de lecture estim\u00e9e\" \/>\n\t<meta name=\"twitter:data1\" content=\"9 minutes\" \/>\n<script type=\"application\/ld+json\" class=\"yoast-schema-graph\">{\"@context\":\"https:\/\/schema.org\",\"@graph\":[{\"@type\":\"WebPage\",\"@id\":\"https:\/\/www.ma-contribution.fr\/?page_id=15374\",\"url\":\"https:\/\/www.ma-contribution.fr\/?page_id=15374\",\"name\":\"Mentions l\u00e9gales | Macontribution.fr\",\"isPartOf\":{\"@id\":\"https:\/\/www.ma-contribution.fr\/#website\"},\"datePublished\":\"2023-04-26T15:06:11+00:00\",\"dateModified\":\"2023-04-26T19:05:40+00:00\",\"description\":\"Cette notice l\u00e9gale a notamment pour objet de vous informer de vos droits et responsabilit\u00e9s l\u00e9gales applicables d\u00e8s lors que vous en \u00eates Utilisateur. Si vous n\u2019acceptez pas cette notice, veuillez \u00e0 ne pas utiliser le Site.\",\"breadcrumb\":{\"@id\":\"https:\/\/www.ma-contribution.fr\/?page_id=15374#breadcrumb\"},\"inLanguage\":\"fr-FR\",\"potentialAction\":[{\"@type\":\"ReadAction\",\"target\":[\"https:\/\/www.ma-contribution.fr\/?page_id=15374\"]}]},{\"@type\":\"BreadcrumbList\",\"@id\":\"https:\/\/www.ma-contribution.fr\/?page_id=15374#breadcrumb\",\"itemListElement\":[{\"@type\":\"ListItem\",\"position\":1,\"name\":\"Accueil\",\"item\":\"https:\/\/www.ma-contribution.fr\/\"},{\"@type\":\"ListItem\",\"position\":2,\"name\":\"Mentions l\u00e9gales\"}]},{\"@type\":\"WebSite\",\"@id\":\"https:\/\/www.ma-contribution.fr\/#website\",\"url\":\"https:\/\/www.ma-contribution.fr\/\",\"name\":\"Macontribution.fr\",\"description\":\"Faites des affaires\u2026 et une bonne action !\",\"publisher\":{\"@id\":\"https:\/\/www.ma-contribution.fr\/#organization\"},\"potentialAction\":[{\"@type\":\"SearchAction\",\"target\":{\"@type\":\"EntryPoint\",\"urlTemplate\":\"https:\/\/www.ma-contribution.fr\/?s={search_term_string}\"},\"query-input\":\"required name=search_term_string\"}],\"inLanguage\":\"fr-FR\"},{\"@type\":\"Organization\",\"@id\":\"https:\/\/www.ma-contribution.fr\/#organization\",\"name\":\"Macontribution.fr\",\"url\":\"https:\/\/www.ma-contribution.fr\/\",\"logo\":{\"@type\":\"ImageObject\",\"inLanguage\":\"fr-FR\",\"@id\":\"https:\/\/www.ma-contribution.fr\/#\/schema\/logo\/image\/\",\"url\":\"https:\/\/www.ma-contribution.fr\/wp-content\/uploads\/2023\/04\/LOGO-macontributionfr-1.png\",\"contentUrl\":\"https:\/\/www.ma-contribution.fr\/wp-content\/uploads\/2023\/04\/LOGO-macontributionfr-1.png\",\"width\":8654,\"height\":2555,\"caption\":\"Macontribution.fr\"},\"image\":{\"@id\":\"https:\/\/www.ma-contribution.fr\/#\/schema\/logo\/image\/\"}}]}<\/script>\n<!-- \/ Yoast SEO plugin. -->","yoast_head_json":{"title":"Mentions l\u00e9gales | Macontribution.fr","description":"Cette notice l\u00e9gale a notamment pour objet de vous informer de vos droits et responsabilit\u00e9s l\u00e9gales applicables d\u00e8s lors que vous en \u00eates Utilisateur. Si vous n\u2019acceptez pas cette notice, veuillez \u00e0 ne pas utiliser le Site.","robots":{"index":"index","follow":"follow","max-snippet":"max-snippet:-1","max-image-preview":"max-image-preview:large","max-video-preview":"max-video-preview:-1"},"canonical":"https:\/\/www.ma-contribution.fr\/?page_id=15374","og_locale":"fr_FR","og_type":"article","og_title":"Mentions l\u00e9gales | Macontribution.fr","og_description":"Cette notice l\u00e9gale a notamment pour objet de vous informer de vos droits et responsabilit\u00e9s l\u00e9gales applicables d\u00e8s lors que vous en \u00eates Utilisateur. Si vous n\u2019acceptez pas cette notice, veuillez \u00e0 ne pas utiliser le Site.","og_url":"https:\/\/www.ma-contribution.fr\/?page_id=15374","og_site_name":"Macontribution.fr","article_modified_time":"2023-04-26T19:05:40+00:00","og_image":[{"width":800,"height":529,"url":"https:\/\/www.ma-contribution.fr\/wp-content\/uploads\/2023\/04\/3-1.jpg","type":"image\/jpeg"}],"twitter_card":"summary_large_image","twitter_title":"Mentions l\u00e9gales | Macontribution.fr","twitter_description":"Cette notice l\u00e9gale a notamment pour objet de vous informer de vos droits et responsabilit\u00e9s l\u00e9gales applicables d\u00e8s lors que vous en \u00eates Utilisateur. Si vous n\u2019acceptez pas cette notice, veuillez \u00e0 ne pas utiliser le Site.","twitter_image":"https:\/\/www.ma-contribution.fr\/wp-content\/uploads\/2023\/04\/3-1.jpg","twitter_misc":{"Dur\u00e9e de lecture estim\u00e9e":"9 minutes"},"schema":{"@context":"https:\/\/schema.org","@graph":[{"@type":"WebPage","@id":"https:\/\/www.ma-contribution.fr\/?page_id=15374","url":"https:\/\/www.ma-contribution.fr\/?page_id=15374","name":"Mentions l\u00e9gales | Macontribution.fr","isPartOf":{"@id":"https:\/\/www.ma-contribution.fr\/#website"},"datePublished":"2023-04-26T15:06:11+00:00","dateModified":"2023-04-26T19:05:40+00:00","description":"Cette notice l\u00e9gale a notamment pour objet de vous informer de vos droits et responsabilit\u00e9s l\u00e9gales applicables d\u00e8s lors que vous en \u00eates Utilisateur. Si vous n\u2019acceptez pas cette notice, veuillez \u00e0 ne pas utiliser le Site.","breadcrumb":{"@id":"https:\/\/www.ma-contribution.fr\/?page_id=15374#breadcrumb"},"inLanguage":"fr-FR","potentialAction":[{"@type":"ReadAction","target":["https:\/\/www.ma-contribution.fr\/?page_id=15374"]}]},{"@type":"BreadcrumbList","@id":"https:\/\/www.ma-contribution.fr\/?page_id=15374#breadcrumb","itemListElement":[{"@type":"ListItem","position":1,"name":"Accueil","item":"https:\/\/www.ma-contribution.fr\/"},{"@type":"ListItem","position":2,"name":"Mentions l\u00e9gales"}]},{"@type":"WebSite","@id":"https:\/\/www.ma-contribution.fr\/#website","url":"https:\/\/www.ma-contribution.fr\/","name":"Macontribution.fr","description":"Faites des affaires\u2026 et une bonne action !","publisher":{"@id":"https:\/\/www.ma-contribution.fr\/#organization"},"potentialAction":[{"@type":"SearchAction","target":{"@type":"EntryPoint","urlTemplate":"https:\/\/www.ma-contribution.fr\/?s={search_term_string}"},"query-input":"required name=search_term_string"}],"inLanguage":"fr-FR"},{"@type":"Organization","@id":"https:\/\/www.ma-contribution.fr\/#organization","name":"Macontribution.fr","url":"https:\/\/www.ma-contribution.fr\/","logo":{"@type":"ImageObject","inLanguage":"fr-FR","@id":"https:\/\/www.ma-contribution.fr\/#\/schema\/logo\/image\/","url":"https:\/\/www.ma-contribution.fr\/wp-content\/uploads\/2023\/04\/LOGO-macontributionfr-1.png","contentUrl":"https:\/\/www.ma-contribution.fr\/wp-content\/uploads\/2023\/04\/LOGO-macontributionfr-1.png","width":8654,"height":2555,"caption":"Macontribution.fr"},"image":{"@id":"https:\/\/www.ma-contribution.fr\/#\/schema\/logo\/image\/"}}]}},"_links":{"self":[{"href":"https:\/\/www.ma-contribution.fr\/index.php?rest_route=\/wp\/v2\/pages\/15374","targetHints":{"allow":["GET"]}}],"collection":[{"href":"https:\/\/www.ma-contribution.fr\/index.php?rest_route=\/wp\/v2\/pages"}],"about":[{"href":"https:\/\/www.ma-contribution.fr\/index.php?rest_route=\/wp\/v2\/types\/page"}],"author":[{"embeddable":true,"href":"https:\/\/www.ma-contribution.fr\/index.php?rest_route=\/wp\/v2\/users\/1"}],"replies":[{"embeddable":true,"href":"https:\/\/www.ma-contribution.fr\/index.php?rest_route=%2Fwp%2Fv2%2Fcomments&post=15374"}],"version-history":[{"count":3,"href":"https:\/\/www.ma-contribution.fr\/index.php?rest_route=\/wp\/v2\/pages\/15374\/revisions"}],"predecessor-version":[{"id":15377,"href":"https:\/\/www.ma-contribution.fr\/index.php?rest_route=\/wp\/v2\/pages\/15374\/revisions\/15377"}],"wp:attachment":[{"href":"https:\/\/www.ma-contribution.fr\/index.php?rest_route=%2Fwp%2Fv2%2Fmedia&parent=15374"}],"curies":[{"name":"wp","href":"https:\/\/api.w.org\/{rel}","templated":true}]}}